{"id":1162,"date":"2012-01-13T11:24:05","date_gmt":"2012-01-13T11:24:05","guid":{"rendered":"https:\/\/cidadania.coop\/es\/equipo\/"},"modified":"2017-03-24T09:41:38","modified_gmt":"2017-03-24T09:41:38","slug":"equipo","status":"publish","type":"page","link":"https:\/\/cidadania.coop\/es\/equipo\/","title":{"rendered":"Qui\u00e9nes somos"},"content":{"rendered":"<div class=\"flex_column av_one_full  flex_column_div av-zero-column-padding first  avia-builder-el-0  el_before_av_three_fourth  avia-builder-el-first  \" style='border-radius:0px; '><div  style='padding-bottom:0px; ' class='av-special-heading av-special-heading-h1  blockquote modern-quote  avia-builder-el-1  avia-builder-el-no-sibling  encabezado_branco '><h1 class='av-special-heading-tag '  itemprop=\"headline\"  >Qui\u00e9nes somos<\/h1><div class='special-heading-border'><div class='special-heading-inner-border' ><\/div><\/div><\/div><\/div><div class=\"flex_column av_three_fourth  flex_column_div av-zero-column-padding first  avia-builder-el-2  el_after_av_one_full  el_before_av_one_fourth  column-top-margin\" style='border-radius:0px; '><div class='equipo-slider  avia-content-slider-active avia-content-slider1 avia-content-slider-odd'><div><article class='flex_column  post-entry post-entry-1214 slide-entry-overview slide-parity-odd  av_one_third first real-thumbnail'  itemscope=\"itemscope\" itemtype=\"https:\/\/schema.org\/CreativeWork\" ><a href='https:\/\/cidadania.coop\/es\/membro\/rosa-muniz-castro\/' data-rel='slide-0' class='slide-image' title=''><img loading=\"lazy\" decoding=\"async\" width=\"1588\" height=\"1497\" src=\"https:\/\/cidadania.coop\/wp-content\/uploads\/2017\/02\/IMG_20230309_131719-01-1-e1746692019141.jpeg\" class=\"attachment-shop_catalog size-shop_catalog wp-post-image\" alt=\"\" srcset=\"https:\/\/cidadania.coop\/wp-content\/uploads\/2017\/02\/IMG_20230309_131719-01-1-e1746692019141.jpeg 1588w, https:\/\/cidadania.coop\/wp-content\/uploads\/2017\/02\/IMG_20230309_131719-01-1-e1746692019141-300x283.jpeg 300w, https:\/\/cidadania.coop\/wp-content\/uploads\/2017\/02\/IMG_20230309_131719-01-1-e1746692019141-1030x971.jpeg 1030w, https:\/\/cidadania.coop\/wp-content\/uploads\/2017\/02\/IMG_20230309_131719-01-1-e1746692019141-768x724.jpeg 768w, https:\/\/cidadania.coop\/wp-content\/uploads\/2017\/02\/IMG_20230309_131719-01-1-e1746692019141-1536x1448.jpeg 1536w, https:\/\/cidadania.coop\/wp-content\/uploads\/2017\/02\/IMG_20230309_131719-01-1-e1746692019141-1500x1414.jpeg 1500w, https:\/\/cidadania.coop\/wp-content\/uploads\/2017\/02\/IMG_20230309_131719-01-1-e1746692019141-705x665.jpeg 705w, https:\/\/cidadania.coop\/wp-content\/uploads\/2017\/02\/IMG_20230309_131719-01-1-e1746692019141-580x547.jpeg 580w, https:\/\/cidadania.coop\/wp-content\/uploads\/2017\/02\/IMG_20230309_131719-01-1-e1746692019141-90x85.jpeg 90w, https:\/\/cidadania.coop\/wp-content\/uploads\/2017\/02\/IMG_20230309_131719-01-1-e1746692019141-150x141.jpeg 150w\" sizes=\"(max-width: 1588px) 100vw, 1588px\" \/><\/a><div class='slide-content'><header class=\"entry-content-header\"><h3 class='slide-entry-title entry-title'  itemprop=\"headline\" ><a href='https:\/\/cidadania.coop\/es\/membro\/rosa-muniz-castro\/' title='Rosa Mu\u00f1iz Castro'>Rosa Mu\u00f1iz Castro<\/a><\/h3><div class=\"email\">rosa.munhiz@cidadania.coop<\/div><\/header><div class='slide-entry-excerpt entry-content'  itemprop=\"text\" ><p><span style=\"font-size: small;\">Rosa estudi\u00f3 Ciencias Pol\u00edticas, especializ\u00e1ndose en Administraci\u00f3n P\u00fablica. Coordina procesos de participaci\u00f3n ciudadana, dinamizaci\u00f3n y dise\u00f1o de programas de car\u00e1cter estrat\u00e9gico. Es experta en el an\u00e1lisis y planificaci\u00f3n de pol\u00edticas p\u00fablicas en el \u00e1mbito de la igualdad y en el desarrollo local, y tambi\u00e9n en la formaci\u00f3n para la educaci\u00f3n en cooperativismo.<\/span><\/p>\n<p><span style=\"font-size: small;\">Criada entre Galicia y Asturias, vive desde los 14 a\u00f1os en Compostela, ciudad que hizo suya participando en la vida de barrio (San Pedro). Amante del mar y de la monta\u00f1a por igual, disfruta divirti\u00e9ndose con sus hijos y en compa\u00f1\u00eda de sus amigas.<\/span><\/p>\n<\/div><\/div><footer class=\"entry-footer\"><\/footer><\/article><article class='flex_column  post-entry post-entry-1693 slide-entry-overview slide-parity-even  av_one_third  real-thumbnail'  itemscope=\"itemscope\" itemtype=\"https:\/\/schema.org\/CreativeWork\" ><a href='https:\/\/cidadania.coop\/es\/membro\/ana-gonzalez-garcia\/' data-rel='slide-0' class='slide-image' title=''><img loading=\"lazy\" decoding=\"async\" width=\"450\" height=\"447\" src=\"https:\/\/cidadania.coop\/wp-content\/uploads\/2019\/07\/Ana_Gonzalez-450x447.jpg\" class=\"attachment-shop_catalog size-shop_catalog wp-post-image\" alt=\"\" srcset=\"https:\/\/cidadania.coop\/wp-content\/uploads\/2019\/07\/Ana_Gonzalez-450x447.jpg 450w, https:\/\/cidadania.coop\/wp-content\/uploads\/2019\/07\/Ana_Gonzalez-80x80.jpg 80w, https:\/\/cidadania.coop\/wp-content\/uploads\/2019\/07\/Ana_Gonzalez-36x36.jpg 36w, https:\/\/cidadania.coop\/wp-content\/uploads\/2019\/07\/Ana_Gonzalez-180x180.jpg 180w, https:\/\/cidadania.coop\/wp-content\/uploads\/2019\/07\/Ana_Gonzalez-120x120.jpg 120w\" sizes=\"(max-width: 450px) 100vw, 450px\" \/><\/a><div class='slide-content'><header class=\"entry-content-header\"><h3 class='slide-entry-title entry-title'  itemprop=\"headline\" ><a href='https:\/\/cidadania.coop\/es\/membro\/ana-gonzalez-garcia\/' title='Ana Gonz\u00e1lez Garc\u00eda'>Ana Gonz\u00e1lez Garc\u00eda<\/a><\/h3><\/header><div class='slide-entry-excerpt entry-content'  itemprop=\"text\" ><p>Licenciada en psicolog\u00eda y especializada en intervenci\u00f3n social, Ana desarroll\u00f3 su experiencia laboral en el \u00e1mbito de la infancia y la intervenci\u00f3n comunitaria desde la perspectiva de g\u00e9nero. Participo como t\u00e9cnica en procesos de participaci\u00f3n ciudadana, apoyo al asociacionismo entre mujeres, y en la evaluaci\u00f3n de programas de car\u00e1cter estrat\u00e9gico.<\/p>\n<p>De vuelta a Galicia despu\u00e9s de un tiempo fuera, es probable que si paseas por Mondariz la encuetres leyendo o haciendo fotos por las orillas del r\u00edo.<\/p>\n<\/div><\/div><footer class=\"entry-footer\"><\/footer><\/article><article class='flex_column  post-entry post-entry-1338 slide-entry-overview slide-parity-odd  av_one_third  real-thumbnail'  itemscope=\"itemscope\" itemtype=\"https:\/\/schema.org\/CreativeWork\" ><a href='https:\/\/cidadania.coop\/es\/membro\/luis-garcia-garcia\/' data-rel='slide-0' class='slide-image' title=''><img loading=\"lazy\" decoding=\"async\" width=\"450\" height=\"446\" src=\"https:\/\/cidadania.coop\/wp-content\/uploads\/2017\/02\/Luis-450x446.jpg\" class=\"attachment-shop_catalog size-shop_catalog wp-post-image\" alt=\"\" srcset=\"https:\/\/cidadania.coop\/wp-content\/uploads\/2017\/02\/Luis-450x446.jpg 450w, https:\/\/cidadania.coop\/wp-content\/uploads\/2017\/02\/Luis-80x80.jpg 80w, https:\/\/cidadania.coop\/wp-content\/uploads\/2017\/02\/Luis-36x36.jpg 36w, https:\/\/cidadania.coop\/wp-content\/uploads\/2017\/02\/Luis-120x120.jpg 120w\" sizes=\"(max-width: 450px) 100vw, 450px\" \/><\/a><div class='slide-content'><header class=\"entry-content-header\"><h3 class='slide-entry-title entry-title'  itemprop=\"headline\" ><a href='https:\/\/cidadania.coop\/es\/membro\/luis-garcia-garcia\/' title='Lu\u00eds Garc\u00eda Garc\u00eda'>Lu\u00eds Garc\u00eda Garc\u00eda<\/a><\/h3><div class=\"email\">luis.garcia@cidadania.coop<\/div><\/header><div class='slide-entry-excerpt entry-content'  itemprop=\"text\" ><p>Lu\u00eds se licenci\u00f3 en Ciencias Pol\u00edticas y de la Administraci\u00f3n, en la especialidad de Administraci\u00f3n P\u00fablica, y en este campo trabaj\u00f3 como analista de pol\u00edticas p\u00fablicas (a nivel local y auton\u00f3mico). Dirigi\u00f3 procesos de planificaci\u00f3n y desarrollo estrat\u00e9gico y de intervenci\u00f3n sociocomunitaria. Ha coordinado proyectos de investigaci\u00f3n, participaci\u00f3n y planificaci\u00f3n orientados al desarrollo sostenible.<\/p>\n<p>Nacido en Antas de Ulla, Lu\u00eds es un gran conocedor del rural gallego, por donde pasea siempre que puede. Le gusta andar en bici y practicar deporte.<\/p>\n<\/div><\/div><footer class=\"entry-footer\"><\/footer><\/article><article class='flex_column  post-entry post-entry-1340 slide-entry-overview slide-parity-odd  post-entry-last  av_one_third first real-thumbnail'  itemscope=\"itemscope\" itemtype=\"https:\/\/schema.org\/CreativeWork\" ><a href='https:\/\/cidadania.coop\/es\/membro\/armando-broz-fidalgo\/' data-rel='slide-0' class='slide-image' title=''><img loading=\"lazy\" decoding=\"async\" width=\"450\" height=\"450\" src=\"https:\/\/cidadania.coop\/wp-content\/uploads\/2017\/02\/armando-450x450.jpg\" class=\"attachment-shop_catalog size-shop_catalog wp-post-image\" alt=\"\" srcset=\"https:\/\/cidadania.coop\/wp-content\/uploads\/2017\/02\/armando-450x450.jpg 450w, https:\/\/cidadania.coop\/wp-content\/uploads\/2017\/02\/armando-80x80.jpg 80w, https:\/\/cidadania.coop\/wp-content\/uploads\/2017\/02\/armando-36x36.jpg 36w, https:\/\/cidadania.coop\/wp-content\/uploads\/2017\/02\/armando-180x180.jpg 180w, https:\/\/cidadania.coop\/wp-content\/uploads\/2017\/02\/armando-120x120.jpg 120w\" sizes=\"(max-width: 450px) 100vw, 450px\" \/><\/a><div class='slide-content'><header class=\"entry-content-header\"><h3 class='slide-entry-title entry-title'  itemprop=\"headline\" ><a href='https:\/\/cidadania.coop\/es\/membro\/armando-broz-fidalgo\/' title='Armando Broz Fidalgo'>Armando Broz Fidalgo<\/a><\/h3><div class=\"email\">armando.broz@cidadania.coop<\/div><\/header><div class='slide-entry-excerpt entry-content'  itemprop=\"text\" ><p><span style=\"font-size: small;\">Tras estudiar Ciencias Pol\u00edticas y de la Administraci\u00f3n, se especializ\u00f3 en Estudios de mercado y opini\u00f3n. Armando ha dirigido y coordinado proyectos de investigaci\u00f3n de corte cuantitativo y cualitativo. Dise\u00f1a procedimientos log\u00edsticos del trabajo de campo y hace an\u00e1lisis de informaci\u00f3n. En relaci\u00f3n con esto, desarroll\u00f3 acciones de planificaci\u00f3n e investigaci\u00f3n aplicada en diversos \u00e1mbitos como el cultural, las nuevas tecnolog\u00edas o la formaci\u00f3n y el empleo. <\/span><\/p>\n<p>Armando escucha m\u00fasica dream pop y rock g\u00f3tico. Adora la literatura rusa del XIX y el cine negro americano cl\u00e1sico. Naci\u00f3 y vive en Santiago, si bien su infancia transcurri\u00f3 en Melide.<\/p>\n<p><span style=\"font-size: small;\">\u00a0<\/span><\/p>\n<p><span style=\"font-size: small;\">\u00a0<\/span><\/p>\n<\/div><\/div><footer class=\"entry-footer\"><\/footer><\/article><\/div><\/div><\/div><\/p>\n<div class=\"flex_column av_one_fourth  flex_column_div av-zero-column-padding   column-top-margin\" style='border-radius:0px; '><div  class='avia-builder-widget-area clearfix '><section id=\"nav_menu-3\" class=\"widget clearfix widget_nav_menu\"><h3 class=\"widgettitle\">Cidadan\u00eda<\/h3><div class=\"menu-menu-cidadania-es-container\"><ul id=\"menu-menu-cidadania-es\" class=\"menu\"><li id=\"menu-item-1194\" class=\"menu-item menu-item-type-post_type menu-item-object-page menu-item-has-children menu-item-1194\"><a href=\"https:\/\/cidadania.coop\/es\/servizos\/\">Qu\u00e9 hacemos<\/a>\n<ul class=\"sub-menu\">\n\t<li id=\"menu-item-1197\" class=\"menu-item menu-item-type-post_type menu-item-object-page menu-item-1197\"><a href=\"https:\/\/cidadania.coop\/es\/investigacion-social\/\">Investigaci\u00f3n<\/a><\/li>\n\t<li id=\"menu-item-1196\" class=\"menu-item menu-item-type-post_type menu-item-object-page menu-item-1196\"><a href=\"https:\/\/cidadania.coop\/es\/consultoria\/\">Consultor\u00eda<\/a><\/li>\n\t<li id=\"menu-item-1195\" class=\"menu-item menu-item-type-post_type menu-item-object-page menu-item-1195\"><a href=\"https:\/\/cidadania.coop\/es\/formacion\/\">Formaci\u00f3n<\/a><\/li>\n<\/ul>\n<\/li>\n<li id=\"menu-item-1201\" class=\"menu-item menu-item-type-post_type menu-item-object-page menu-item-1201\"><a href=\"https:\/\/cidadania.coop\/es\/equipo\/\">Qui\u00e9nes somos<\/a><\/li>\n<li id=\"menu-item-1202\" class=\"menu-item menu-item-type-post_type menu-item-object-page menu-item-1202\"><a href=\"https:\/\/cidadania.coop\/es\/valores\/\">Valores<\/a><\/li>\n<li id=\"menu-item-1200\" class=\"menu-item menu-item-type-post_type menu-item-object-page menu-item-1200\"><a href=\"https:\/\/cidadania.coop\/es\/os-nosos-clientes\/\">Clientes<\/a><\/li>\n<li id=\"menu-item-1199\" class=\"menu-item menu-item-type-post_type menu-item-object-page menu-item-1199\"><a href=\"https:\/\/cidadania.coop\/es\/redes\/\">Redes<\/a><\/li>\n<\/ul><\/div><span class=\"seperator extralight-border\"><\/span><\/section><\/div><\/div>\n","protected":false},"excerpt":{"rendered":"","protected":false},"author":2,"featured_media":0,"parent":0,"menu_order":0,"comment_status":"closed","ping_status":"closed","template":"","meta":{"footnotes":""},"_links":{"self":[{"href":"https:\/\/cidadania.coop\/es\/wp-json\/wp\/v2\/pages\/1162"}],"collection":[{"href":"https:\/\/cidadania.coop\/es\/wp-json\/wp\/v2\/pages"}],"about":[{"href":"https:\/\/cidadania.coop\/es\/wp-json\/wp\/v2\/types\/page"}],"author":[{"embeddable":true,"href":"https:\/\/cidadania.coop\/es\/wp-json\/wp\/v2\/users\/2"}],"replies":[{"embeddable":true,"href":"https:\/\/cidadania.coop\/es\/wp-json\/wp\/v2\/comments?post=1162"}],"version-history":[{"count":4,"href":"https:\/\/cidadania.coop\/es\/wp-json\/wp\/v2\/pages\/1162\/revisions"}],"predecessor-version":[{"id":2646,"href":"https:\/\/cidadania.coop\/es\/wp-json\/wp\/v2\/pages\/1162\/revisions\/2646"}],"wp:attachment":[{"href":"https:\/\/cidadania.coop\/es\/wp-json\/wp\/v2\/media?parent=1162"}],"curies":[{"name":"wp","href":"https:\/\/api.w.org\/{rel}","templated":true}]}}